{"id":4853,"date":"2023-09-12T12:35:45","date_gmt":"2023-09-12T10:35:45","guid":{"rendered":"https:\/\/www.imaginamusica.net\/serie-y\/"},"modified":"2024-01-12T13:10:35","modified_gmt":"2024-01-12T12:10:35","slug":"serie-y","status":"publish","type":"page","link":"https:\/\/www.imaginamusica.net\/ca\/serie-y\/","title":{"rendered":"S\u00e8rie Y"},"content":{"rendered":"<section class=\"av_textblock_section \"  itemscope=\"itemscope\" itemtype=\"https:\/\/schema.org\/CreativeWork\" ><div class='avia_textblock  '   itemprop=\"text\" ><h1 class=\"b_productsFilter-header__headline b_productsFilter-header__headline--series\" data-tests=\"product-series-headline\">S\u00e8rie Y<\/h1>\n<p>La s\u00e8rie Y combina el control de directivitat de banda ampla amb un rendiment ampliat de baixes freq\u00fc\u00e8ncies (LF) i un disseny compacte i discret. Encaixa en totes les solucions per a aplicacions de mida petita a mitjana, des de concerts i serveis religiosos a simposis i fires d&#8217;automoci\u00f3.<\/p>\n<p>Tots els altaveus de la S\u00e8rie Y estan disponibles com a variants Yi per a la integraci\u00f3 en instal\u00b7lacions permanents, i nom\u00e9s es diferencien de les versions m\u00f2bils de la S\u00e8rie Y en la construcci\u00f3 de la caixa i els accessoris de muntatge.<br \/>\nLa S\u00e8rie Y de d&amp;b \u00e9s, curt i ras, un sistema amb tot incl\u00f2s.<\/p>\n<\/div><\/section>\n<div class=\"flex_column av_one_full  flex_column_div av-zero-column-padding first  avia-builder-el-1  el_after_av_textblock  avia-builder-el-last  column-top-margin\" style='border-radius:0px; '><\/div>\n","protected":false},"excerpt":{"rendered":"<p>S\u00e8rie Y: control de directivitat de banda ampla, rendiment ampliat de baixes freq\u00fc\u00e8ncies (LF) i un disseny compacte i discret.<\/p>\n","protected":false},"author":1,"featured_media":3267,"parent":0,"menu_order":0,"comment_status":"closed","ping_status":"closed","template":"","meta":[],"yoast_head":"<!-- This site is optimized with the Yoast SEO plugin v20.11 - https:\/\/yoast.com\/wordpress\/plugins\/seo\/ -->\n<title>S\u00e8rie Y - Imaginamusica<\/title>\n<meta name=\"description\" content=\"S\u00e8rie Y: control de directivitat de banda ampla, rendiment ampliat de baixes freq\u00fc\u00e8ncies (LF) i un disseny compacte i discret.\" \/>\n<meta name=\"robots\" content=\"index, follow, max-snippet:-1, max-image-preview:large, max-video-preview:-1\" \/>\n<link rel=\"canonical\" href=\"https:\/\/www.imaginamusica.net\/ca\/serie-y\/\" \/>\n<meta property=\"og:locale\" content=\"ca_ES\" \/>\n<meta property=\"og:type\" content=\"article\" \/>\n<meta property=\"og:title\" content=\"S\u00e8rie Y - Imaginamusica\" \/>\n<meta property=\"og:description\" content=\"S\u00e8rie Y: control de directivitat de banda ampla, rendiment ampliat de baixes freq\u00fc\u00e8ncies (LF) i un disseny compacte i discret.\" \/>\n<meta property=\"og:url\" content=\"https:\/\/www.imaginamusica.net\/ca\/serie-y\/\" \/>\n<meta property=\"og:site_name\" content=\"Imaginamusica\" \/>\n<meta property=\"article:modified_time\" content=\"2024-01-12T12:10:35+00:00\" \/>\n<meta property=\"og:image\" content=\"https:\/\/www.imaginamusica.net\/wp-content\/uploads\/2023\/09\/Y8_1.gif\" \/>\n\t<meta property=\"og:image:width\" content=\"1200\" \/>\n\t<meta property=\"og:image:height\" content=\"1200\" \/>\n\t<meta property=\"og:image:type\" content=\"image\/gif\" \/>\n<meta name=\"twitter:card\" content=\"summary_large_image\" \/>\n<meta name=\"twitter:label1\" content=\"Est. reading time\" \/>\n\t<meta name=\"twitter:data1\" content=\"1 minute\" \/>\n<script type=\"application\/ld+json\" class=\"yoast-schema-graph\">{\"@context\":\"https:\/\/schema.org\",\"@graph\":[{\"@type\":\"WebPage\",\"@id\":\"https:\/\/www.imaginamusica.net\/ca\/serie-y\/\",\"url\":\"https:\/\/www.imaginamusica.net\/ca\/serie-y\/\",\"name\":\"S\u00e8rie Y - Imaginamusica\",\"isPartOf\":{\"@id\":\"https:\/\/www.imaginamusica.net\/#website\"},\"datePublished\":\"2023-09-12T10:35:45+00:00\",\"dateModified\":\"2024-01-12T12:10:35+00:00\",\"description\":\"S\u00e8rie Y: control de directivitat de banda ampla, rendiment ampliat de baixes freq\u00fc\u00e8ncies (LF) i un disseny compacte i discret.\",\"breadcrumb\":{\"@id\":\"https:\/\/www.imaginamusica.net\/ca\/serie-y\/#breadcrumb\"},\"inLanguage\":\"ca\",\"potentialAction\":[{\"@type\":\"ReadAction\",\"target\":[\"https:\/\/www.imaginamusica.net\/ca\/serie-y\/\"]}]},{\"@type\":\"BreadcrumbList\",\"@id\":\"https:\/\/www.imaginamusica.net\/ca\/serie-y\/#breadcrumb\",\"itemListElement\":[{\"@type\":\"ListItem\",\"position\":1,\"name\":\"Portada\",\"item\":\"https:\/\/www.imaginamusica.net\/\"},{\"@type\":\"ListItem\",\"position\":2,\"name\":\"S\u00e8rie Y\"}]},{\"@type\":\"WebSite\",\"@id\":\"https:\/\/www.imaginamusica.net\/#website\",\"url\":\"https:\/\/www.imaginamusica.net\/\",\"name\":\"Imaginamusica\",\"description\":\"Distribuidores d&amp;b\",\"potentialAction\":[{\"@type\":\"SearchAction\",\"target\":{\"@type\":\"EntryPoint\",\"urlTemplate\":\"https:\/\/www.imaginamusica.net\/?s={search_term_string}\"},\"query-input\":\"required name=search_term_string\"}],\"inLanguage\":\"ca\"}]}<\/script>\n<!-- \/ Yoast SEO plugin. -->","yoast_head_json":{"title":"S\u00e8rie Y - Imaginamusica","description":"S\u00e8rie Y: control de directivitat de banda ampla, rendiment ampliat de baixes freq\u00fc\u00e8ncies (LF) i un disseny compacte i discret.","robots":{"index":"index","follow":"follow","max-snippet":"max-snippet:-1","max-image-preview":"max-image-preview:large","max-video-preview":"max-video-preview:-1"},"canonical":"https:\/\/www.imaginamusica.net\/ca\/serie-y\/","og_locale":"ca_ES","og_type":"article","og_title":"S\u00e8rie Y - Imaginamusica","og_description":"S\u00e8rie Y: control de directivitat de banda ampla, rendiment ampliat de baixes freq\u00fc\u00e8ncies (LF) i un disseny compacte i discret.","og_url":"https:\/\/www.imaginamusica.net\/ca\/serie-y\/","og_site_name":"Imaginamusica","article_modified_time":"2024-01-12T12:10:35+00:00","og_image":[{"width":1200,"height":1200,"url":"https:\/\/www.imaginamusica.net\/wp-content\/uploads\/2023\/09\/Y8_1.gif","type":"image\/gif"}],"twitter_card":"summary_large_image","twitter_misc":{"Est. reading time":"1 minute"},"schema":{"@context":"https:\/\/schema.org","@graph":[{"@type":"WebPage","@id":"https:\/\/www.imaginamusica.net\/ca\/serie-y\/","url":"https:\/\/www.imaginamusica.net\/ca\/serie-y\/","name":"S\u00e8rie Y - Imaginamusica","isPartOf":{"@id":"https:\/\/www.imaginamusica.net\/#website"},"datePublished":"2023-09-12T10:35:45+00:00","dateModified":"2024-01-12T12:10:35+00:00","description":"S\u00e8rie Y: control de directivitat de banda ampla, rendiment ampliat de baixes freq\u00fc\u00e8ncies (LF) i un disseny compacte i discret.","breadcrumb":{"@id":"https:\/\/www.imaginamusica.net\/ca\/serie-y\/#breadcrumb"},"inLanguage":"ca","potentialAction":[{"@type":"ReadAction","target":["https:\/\/www.imaginamusica.net\/ca\/serie-y\/"]}]},{"@type":"BreadcrumbList","@id":"https:\/\/www.imaginamusica.net\/ca\/serie-y\/#breadcrumb","itemListElement":[{"@type":"ListItem","position":1,"name":"Portada","item":"https:\/\/www.imaginamusica.net\/"},{"@type":"ListItem","position":2,"name":"S\u00e8rie Y"}]},{"@type":"WebSite","@id":"https:\/\/www.imaginamusica.net\/#website","url":"https:\/\/www.imaginamusica.net\/","name":"Imaginamusica","description":"Distribuidores d&amp;b","potentialAction":[{"@type":"SearchAction","target":{"@type":"EntryPoint","urlTemplate":"https:\/\/www.imaginamusica.net\/?s={search_term_string}"},"query-input":"required name=search_term_string"}],"inLanguage":"ca"}]}},"_links":{"self":[{"href":"https:\/\/www.imaginamusica.net\/ca\/wp-json\/wp\/v2\/pages\/4853"}],"collection":[{"href":"https:\/\/www.imaginamusica.net\/ca\/wp-json\/wp\/v2\/pages"}],"about":[{"href":"https:\/\/www.imaginamusica.net\/ca\/wp-json\/wp\/v2\/types\/page"}],"author":[{"embeddable":true,"href":"https:\/\/www.imaginamusica.net\/ca\/wp-json\/wp\/v2\/users\/1"}],"replies":[{"embeddable":true,"href":"https:\/\/www.imaginamusica.net\/ca\/wp-json\/wp\/v2\/comments?post=4853"}],"version-history":[{"count":2,"href":"https:\/\/www.imaginamusica.net\/ca\/wp-json\/wp\/v2\/pages\/4853\/revisions"}],"predecessor-version":[{"id":4855,"href":"https:\/\/www.imaginamusica.net\/ca\/wp-json\/wp\/v2\/pages\/4853\/revisions\/4855"}],"wp:featuredmedia":[{"embeddable":true,"href":"https:\/\/www.imaginamusica.net\/ca\/wp-json\/wp\/v2\/media\/3267"}],"wp:attachment":[{"href":"https:\/\/www.imaginamusica.net\/ca\/wp-json\/wp\/v2\/media?parent=4853"}],"curies":[{"name":"wp","href":"https:\/\/api.w.org\/{rel}","templated":true}]}}